{"id":182,"date":"2015-06-02T21:00:20","date_gmt":"2015-06-02T19:00:20","guid":{"rendered":"http:\/\/www.pension-antje-ahlbeck.de\/wordpress\/?page_id=182"},"modified":"2018-05-22T17:10:40","modified_gmt":"2018-05-22T15:10:40","slug":"impressum","status":"publish","type":"page","link":"https:\/\/www.pension-antje-ahlbeck.de\/wordpress\/impressum\/","title":{"rendered":"Impressum"},"content":{"rendered":"<p style=\"text-align: justify;\"><strong>1. Inhaltlich Verantwortlicher<\/strong><br \/>\nPension Antje<br \/>\nInh. Sigrid Schmoldt<br \/>\nSchulzenstra\u00dfe 25<br \/>\nD 17419 Seebad Ahlbeck \/ Insel Usedom<br \/>\nTelefon: +49 ( 38378 ) 47545<br \/>\nTelefax: +49 ( 38378 ) 80952<\/p>\n<p style=\"text-align: justify;\"><strong>2. technische Betreuung, Fotos &amp; Umsetzung<\/strong><br \/>\nfritz-computer<br \/>\nInh. Carsten Fritz<br \/>\nFriedrich-Schiller-Strasse 22<br \/>\nD 17419 Seebad Ahlbeck \/ Insel Usedom<br \/>\nTelefon: +49 ( 38378 ) 28971<br \/>\nTelefax: +49 ( 38378 ) 28973<\/p>\n<p>&amp;<br \/>\n<b>Fotostudio Messlin<\/b><br \/>\nInhaberin: Gabriela Messlin<br \/>\nSeestra\u00dfe 19 | 17429 Seebad Bansin<br \/>\nTel: 03 83 78 \/ 32 081<br \/>\nFax: 03 83 78 \/ 29 26 3<br \/>\nMobil: 0172 \/ 31 22 965<br \/>\nMail: foto-messlin[at]t-online.de<br \/>\n(Bitte kopieren Sie die Adresse und ersetzen das [at] durch ein @.)<\/p>\n<p style=\"text-align: justify;\"><strong>3. Allgemeine Informationen<\/strong><\/p>\n<p style=\"text-align: justify;\"><strong>Haftung f\u00fcr Inhalte<\/strong><br \/>\nAls Diensteanbieter sind wir gem\u00e4\u00df \u00a7 7 Abs.1 TMG f\u00fcr eigene Inhalte auf diesen Seiten nach den allgemeinen Gesetzen verantwortlich. Nach \u00a7\u00a7 8 bis 10 TMG sind wir als Diensteanbieter jedoch nicht verpflichtet, \u00fcbermittelte oder gespeicherte fremde Informationen zu \u00fcberwachen oder nach Umst\u00e4nden zu forschen, die auf eine rechtswidrige T\u00e4tigkeit hinweisen. Verpflichtungen zur Entfernung oder Sperrung der Nutzung von Informationen nach den allgemeinen Gesetzen bleiben hiervon unber\u00fchrt. Eine diesbez\u00fcgliche Haftung ist jedoch erst ab dem Zeitpunkt der Kenntnis einer konkreten Rechtsverletzung m\u00f6glich. Bei Bekanntwerden von entsprechenden Rechtsverletzungen werden wir diese Inhalte umgehend entfernen.<\/p>\n<p style=\"text-align: justify;\"><strong>Haftung f\u00fcr Links<\/strong><br \/>\nUnser Angebot enth\u00e4lt Links zu externen Webseiten Dritter, auf deren Inhalte wir keinen Einfluss haben. Deshalb k\u00f6nnen wir f\u00fcr diese fremden Inhalte auch keine Gew\u00e4hr \u00fcbernehmen. F\u00fcr die Inhalte der verlinkten Seiten ist stets der jeweilige Anbieter oder Betreiber der Seiten verantwortlich. Die verlinkten Seiten wurden zum Zeitpunkt der Verlinkung auf m\u00f6gliche Rechtsverst\u00f6\u00dfe \u00fcberpr\u00fcft. Rechtswidrige Inhalte waren zum Zeitpunkt der Verlinkung nicht erkennbar. Eine permanente inhaltliche Kontrolle der verlinkten Seiten ist jedoch ohne konkrete Anhaltspunkte einer Rechtsverletzung nicht zumutbar. Bei Bekanntwerden von Rechtsverletzungen werden wir derartige Links umgehend entfernen.<\/p>\n","protected":false},"excerpt":{"rendered":"<p>1. Inhaltlich Verantwortlicher Pension Antje Inh. Sigrid Schmoldt Schulzenstra\u00dfe 25 D 17419 Seebad Ahlbeck \/ Insel Usedom Telefon: +49 ( 38378 ) 47545 Telefax: +49 ( 38378 ) 80952 2. technische Betreuung, Fotos &amp; Umsetzung fritz-computer Inh. Carsten Fritz Friedrich-Schiller-Strasse [&hellip;]<\/p>\n","protected":false},"author":2,"featured_media":239,"parent":0,"menu_order":0,"comment_status":"closed","ping_status":"closed","template":"","meta":{"jetpack_post_was_ever_published":false,"footnotes":""},"class_list":["post-182","page","type-page","status-publish","has-post-thumbnail","hentry"],"jetpack_sharing_enabled":false,"jetpack_shortlink":"https:\/\/wp.me\/P6nxXv-2W","_links":{"self":[{"href":"https:\/\/www.pension-antje-ahlbeck.de\/wordpress\/wp-json\/wp\/v2\/pages\/182","targetHints":{"allow":["GET"]}}],"collection":[{"href":"https:\/\/www.pension-antje-ahlbeck.de\/wordpress\/wp-json\/wp\/v2\/pages"}],"about":[{"href":"https:\/\/www.pension-antje-ahlbeck.de\/wordpress\/wp-json\/wp\/v2\/types\/page"}],"author":[{"embeddable":true,"href":"https:\/\/www.pension-antje-ahlbeck.de\/wordpress\/wp-json\/wp\/v2\/users\/2"}],"replies":[{"embeddable":true,"href":"https:\/\/www.pension-antje-ahlbeck.de\/wordpress\/wp-json\/wp\/v2\/comments?post=182"}],"version-history":[{"count":5,"href":"https:\/\/www.pension-antje-ahlbeck.de\/wordpress\/wp-json\/wp\/v2\/pages\/182\/revisions"}],"predecessor-version":[{"id":560,"href":"https:\/\/www.pension-antje-ahlbeck.de\/wordpress\/wp-json\/wp\/v2\/pages\/182\/revisions\/560"}],"wp:featuredmedia":[{"embeddable":true,"href":"https:\/\/www.pension-antje-ahlbeck.de\/wordpress\/wp-json\/wp\/v2\/media\/239"}],"wp:attachment":[{"href":"https:\/\/www.pension-antje-ahlbeck.de\/wordpress\/wp-json\/wp\/v2\/media?parent=182"}],"curies":[{"name":"wp","href":"https:\/\/api.w.org\/{rel}","templated":true}]}}